{"id":209219,"date":"2020-10-28T14:51:46","date_gmt":"2020-10-28T13:51:46","guid":{"rendered":"https:\/\/kulturista.se\/test\/?page_id=209219"},"modified":"2026-08-29T17:04:27","modified_gmt":"2026-08-29T15:04:27","slug":"samarbeten","status":"publish","type":"page","link":"https:\/\/kulturista.se\/test\/samarbeten\/","title":{"rendered":"Samarbete"},"content":{"rendered":"<p>[et_pb_section fb_built=&#8221;1&#8243; admin_label=&#8221;Sektion Musik blogg 2 post&#8221; _builder_version=&#8221;4.27.7&#8243; background_color=&#8221;#f2eadf&#8221; background_enable_image=&#8221;off&#8221; parallax=&#8221;on&#8221; parallax_method=&#8221;off&#8221; custom_padding=&#8221;45px||45px||true|false&#8221; locked=&#8221;off&#8221; collapsed=&#8221;off&#8221; global_colors_info=&#8221;{}&#8221;][et_pb_row make_equal=&#8221;on&#8221; _builder_version=&#8221;4.27.7&#8243; _module_preset=&#8221;default&#8221; background_color=&#8221;#fbf7f0&#8243; width_tablet=&#8221;70%&#8221; width_phone=&#8221;90%&#8221; width_last_edited=&#8221;on|phone&#8221; max_width=&#8221;1400px&#8221; custom_margin=&#8221;||||false|false&#8221; custom_padding=&#8221;60px|70px|60px|70px|false|false&#8221; border_width_all=&#8221;1px&#8221; border_color_all=&#8221;#d8cbbb&#8221; global_colors_info=&#8221;{}&#8221;][et_pb_column type=&#8221;4_4&#8243; _builder_version=&#8221;4.27.5&#8243; _module_preset=&#8221;default&#8221; custom_padding=&#8221;|3vw|3vw||false|false&#8221; border_color_all=&#8221;rgba(51,51,51,0.13)&#8221; border_width_right_tablet=&#8221;0px&#8221; border_width_right_phone=&#8221;&#8221; border_width_right_last_edited=&#8221;on|desktop&#8221; global_colors_info=&#8221;{}&#8221;][et_pb_text admin_label=&#8221;Text&#8221; _builder_version=&#8221;4.27.7&#8243; text_font=&#8221;Raleway||||||||&#8221; background_size=&#8221;initial&#8221; background_position=&#8221;top_left&#8221; background_repeat=&#8221;repeat&#8221; custom_margin=&#8221;16px||||false|false&#8221; hover_enabled=&#8221;0&#8243; global_colors_info=&#8221;{}&#8221; sticky_enabled=&#8221;0&#8243;]<\/p>\n<p style=\"margin: 0 0 12px 0; color: #7aa4ad; font-family: Raleway,sans-serif; font-size: 16px; letter-spacing: 3px; text-transform: uppercase;\">Samarbeten<\/p>\n<h1 style=\"margin: 0 0 28px 0; color: #222222; font-family: Georgia,serif; font-size: 42px; font-weight: 400; line-height: 1.1;\">Samarbeta med Kulturista<\/h1>\n<div style=\"max-width: 1100px; color: #4a4a4a; font-family: Raleway,sans-serif; font-size: 20px; line-height: 1.7;\">\n<p style=\"margin: 0 0 24px 0;\">Kulturista Stockholm \u00e4r en personlig kulturplattform med fokus p\u00e5 konst, kulturupplevelser och platser v\u00e4rda att uppt\u00e4cka. Inneh\u00e5llet bygger p\u00e5 mitt eget urval och min egen blick p\u00e5 Stockholm och dess omgivningar.<\/p>\n<p style=\"margin: 0 0 24px 0;\">Jag g\u00f6r g\u00e4rna betalda samarbeten med kulturakt\u00f6rer och andra verksamheter som har en naturlig koppling till Kulturistas inneh\u00e5ll. Det kan handla om en utst\u00e4llning, ett evenemang eller en plats, men ocks\u00e5 om ett mer omfattande uppl\u00e4gg d\u00e4r jag utforskar och ber\u00e4ttar om ett omr\u00e5de. Inneh\u00e5llet kan publiceras p\u00e5 Instagram och Kulturista.se.<\/p>\n<p style=\"margin: 0;\">Betalda samarbeten m\u00e4rks alltid tydligt. Kulturistas \u00f6vriga redaktionella inneh\u00e5ll v\u00e4ljer jag sj\u00e4lvst\u00e4ndigt.<\/p>\n<\/div>\n<p>[\/et_pb_text][\/et_pb_column][\/et_pb_row][et_pb_row _builder_version=&#8221;4.27.7&#8243; _module_preset=&#8221;default&#8221; global_colors_info=&#8221;{}&#8221;][et_pb_column type=&#8221;4_4&#8243; _builder_version=&#8221;4.27.7&#8243; _module_preset=&#8221;default&#8221; global_colors_info=&#8221;{}&#8221;][et_pb_code _builder_version=&#8221;4.27.7&#8243; _module_preset=&#8221;default&#8221; global_colors_info=&#8221;{}&#8221;]<\/p>\n<style><!-- [et_pb_line_break_holder] -->@media only screen and (max-width: 980px) {<!-- [et_pb_line_break_holder] --><!-- [et_pb_line_break_holder] -->  body #page-container .et_pb_section_0 > .et_pb_row_0 {<!-- [et_pb_line_break_holder] -->    width: 90% !important;<!-- [et_pb_line_break_holder] -->    max-width: 90% !important;<!-- [et_pb_line_break_holder] -->    margin-right: auto !important;<!-- [et_pb_line_break_holder] -->    margin-left: auto !important;<!-- [et_pb_line_break_holder] -->    padding: 30px 26px !important;<!-- [et_pb_line_break_holder] -->  }<!-- [et_pb_line_break_holder] --><!-- [et_pb_line_break_holder] -->  body #page-container .et_pb_section_0 > .et_pb_row_0 > .et_pb_column {<!-- [et_pb_line_break_holder] -->    width: 100% !important;<!-- [et_pb_line_break_holder] -->    max-width: 100% !important;<!-- [et_pb_line_break_holder] -->    margin: 0 !important;<!-- [et_pb_line_break_holder] -->  }<!-- [et_pb_line_break_holder] --><!-- [et_pb_line_break_holder] -->  body #page-container .et_pb_section_0 .et_pb_text_0 h1 {<!-- [et_pb_line_break_holder] -->    font-size: 34px !important;<!-- [et_pb_line_break_holder] -->    line-height: 1.1 !important;<!-- [et_pb_line_break_holder] -->  }<!-- [et_pb_line_break_holder] --><!-- [et_pb_line_break_holder] -->  body #page-container .et_pb_section_0 .et_pb_text_0 .et_pb_text_inner > div {<!-- [et_pb_line_break_holder] -->    font-size: 17px !important;<!-- [et_pb_line_break_holder] -->    line-height: 1.6 !important;<!-- [et_pb_line_break_holder] -->  }<!-- [et_pb_line_break_holder] -->}<!-- [et_pb_line_break_holder] --><\/style>\n<p><!-- [et_pb_line_break_holder] --><!-- [et_pb_line_break_holder] --><\/p>\n<div class=\"kulturista-samarbete-kontakt\"<!-- [et_pb_line_break_holder] -->     style=&#8221;border-top:4px solid #d94b0b; padding:32px 0 20px; color:#4a4a4a;&#8221;><!-- [et_pb_line_break_holder] --><!-- [et_pb_line_break_holder] -->  <\/p>\n<h2 style=\"max-width:900px; margin:0 0 32px; color:#222222; font-family:Georgia,serif; font-size:42px; font-weight:400; line-height:1.15;\"><!-- [et_pb_line_break_holder] -->    Vill du diskutera en id\u00e9 eller f\u00e5 ett f\u00f6rslag p\u00e5 uppl\u00e4gg?<!-- [et_pb_line_break_holder] -->  <\/h2>\n<p><!-- [et_pb_line_break_holder] --><!-- [et_pb_line_break_holder] -->  <a href=\"mailto:kulturistasthlm@gmail.com\"<!-- [et_pb_line_break_holder] -->     style=&#8221;display:inline-block; color:#d94b0b; border-bottom:2px solid #d94b0b; padding-bottom:8px; font-family:Raleway,sans-serif; font-size:16px; letter-spacing:2px; text-decoration:none; text-transform:uppercase;&#8221;><!-- [et_pb_line_break_holder] -->    Mejla Kulturista \u00a0\u2192<!-- [et_pb_line_break_holder] -->  <\/a><!-- [et_pb_line_break_holder] --><!-- [et_pb_line_break_holder] --><\/div>\n<p>[\/et_pb_code][\/et_pb_column][\/et_pb_row][\/et_pb_section]<\/p>\n","protected":false},"excerpt":{"rendered":"<p>Samarbeten Samarbeta med Kulturista Kulturista Stockholm \u00e4r en personlig kulturplattform med fokus p\u00e5 konst, kulturupplevelser och platser v\u00e4rda att uppt\u00e4cka. Inneh\u00e5llet bygger p\u00e5 mitt eget urval och min egen blick p\u00e5 Stockholm och dess omgivningar. Jag g\u00f6r g\u00e4rna betalda samarbeten med kulturakt\u00f6rer och andra verksamheter som har en naturlig koppling till Kulturistas inneh\u00e5ll. Det kan [&hellip;]<\/p>\n","protected":false},"author":1,"featured_media":0,"parent":0,"menu_order":0,"comment_status":"closed","ping_status":"closed","template":"","meta":{"_acf_changed":false,"_et_pb_use_builder":"on","_et_pb_old_content":"Jag arbetar med kulturinneh\u00e5ll och visuellt ber\u00e4ttande med fokus p\u00e5 konst, kreativa uttryck och kulturupplevelser i Stockholm. Kulturista bygger p\u00e5 en personlig r\u00f6st och en n\u00e4ra relation till mina f\u00f6ljare och l\u00e4sare, och jag samarbetar g\u00e4rna med akt\u00f6rer d\u00e4r det finns en naturlig koppling till kultur, design, mat eller stadsliv.\r\n\r\nJag erbjuder redaktionellt inneh\u00e5ll, foto, sociala medier och l\u00e4ngre partnerskap.\r\n\r\nF\u00f6r f\u00f6rfr\u00e5gningar:\r\nkulturistasthlm@gmail.com","_et_gb_content_width":"","footnotes":""},"class_list":["post-209219","page","type-page","status-publish","hentry"],"acf":[],"jetpack_sharing_enabled":true,"_links":{"self":[{"href":"https:\/\/kulturista.se\/test\/wp-json\/wp\/v2\/pages\/209219","targetHints":{"allow":["GET"]}}],"collection":[{"href":"https:\/\/kulturista.se\/test\/wp-json\/wp\/v2\/pages"}],"about":[{"href":"https:\/\/kulturista.se\/test\/wp-json\/wp\/v2\/types\/page"}],"author":[{"embeddable":true,"href":"https:\/\/kulturista.se\/test\/wp-json\/wp\/v2\/users\/1"}],"replies":[{"embeddable":true,"href":"https:\/\/kulturista.se\/test\/wp-json\/wp\/v2\/comments?post=209219"}],"version-history":[{"count":37,"href":"https:\/\/kulturista.se\/test\/wp-json\/wp\/v2\/pages\/209219\/revisions"}],"predecessor-version":[{"id":213982,"href":"https:\/\/kulturista.se\/test\/wp-json\/wp\/v2\/pages\/209219\/revisions\/213982"}],"wp:attachment":[{"href":"https:\/\/kulturista.se\/test\/wp-json\/wp\/v2\/media?parent=209219"}],"curies":[{"name":"wp","href":"https:\/\/api.w.org\/{rel}","templated":true}]}}